{"id":251,"date":"2017-02-22T13:32:35","date_gmt":"2017-02-22T13:32:35","guid":{"rendered":"http:\/\/sulear.com.br\/beta3\/?page_id=251"},"modified":"2024-01-25T16:45:22","modified_gmt":"2024-01-25T16:45:22","slug":"multimidia","status":"publish","type":"page","link":"https:\/\/sulear.com.br\/beta3\/multimidia\/","title":{"rendered":"Multim\u00eddia"},"content":{"rendered":"<p><strong>Mem\u00f3rias e registros. Percorra!<\/strong><\/p>\n<p>&nbsp;<\/p>\n<p><strong>I SIMP\u00d3SIO DE ETNOBIOLOGIA E ECOLOGIA <\/strong><\/p>\n<div id=\"attachment_285\" style=\"width: 754px\" class=\"wp-caption alignleft\"><img loading=\"lazy\" decoding=\"async\" aria-describedby=\"caption-attachment-285\" class=\"wp-image-285 size-full\" src=\"http:\/\/sulear.com.br\/beta3\/wp-content\/uploads\/2017\/02\/20170227-I-S-Etnob-e-Etnoeco-1996l.png\" alt=\"\" width=\"744\" height=\"455\" srcset=\"https:\/\/sulear.com.br\/beta3\/wp-content\/uploads\/2017\/02\/20170227-I-S-Etnob-e-Etnoeco-1996l.png 744w, https:\/\/sulear.com.br\/beta3\/wp-content\/uploads\/2017\/02\/20170227-I-S-Etnob-e-Etnoeco-1996l-300x183.png 300w, https:\/\/sulear.com.br\/beta3\/wp-content\/uploads\/2017\/02\/20170227-I-S-Etnob-e-Etnoeco-1996l-491x300.png 491w\" sizes=\"auto, (max-width: 744px) 100vw, 744px\" \/><p id=\"caption-attachment-285\" class=\"wp-caption-text\">I Simp\u00f3sio de Etnobiologia e Ecologia UEFS, Feira de Santana, Bahia, BR \u2013 julho de 1996 Funda\u00e7\u00e3o da Sociedade Brasileira de Etnobiologia e Etnoecologia (SBEE) http:\/\/www.etnobiologia.org\/ Na foto: Na primeira fila: Angelo Giuseppe Chaves Alves, (?), Elaine Elisabetsky (Alpina Begossi logo atr\u00e1s e Germano Guarim Neto atr\u00e1s dela), Darrell A. Posey, Marcio D\u2019Olne Campos. No alto \u00e0 esquerda Natalia Hanazaki de azul, entre Cris Seixas e Renato Silvano. \u00c0 esquerda de Alpina: Marisa Gesteira Fonseca e Silvia Rossato. Duas fileiras atr\u00e1s da Silvia \u00e9 Nivaldo Nordi, de barba sorrindo. Gabriela Coelho de Souza na \u00faltima fila no extremo direito. Agrade\u00e7o a Natalia por v\u00e1rias descobertas nesta foto. A foto foi um presente de Angelo Giuseppe C. Alves a quem muito agrade\u00e7o.<\/p><\/div>\n<p>&nbsp;<\/p>\n<p>&nbsp;<\/p>\n<ul>\n<li><strong>IV ESCUELA INTERAMERICANA DE ASTRONOMIA CULTURAL<\/strong><br \/>\nMAST, Planet\u00e1rio do Rio de Janeiro, SIAC<br \/>\nRio de Janeiro, 12-16\/10\/2015<\/li>\n<\/ul>\n<div id=\"attachment_333\" style=\"width: 594px\" class=\"wp-caption alignleft\"><img loading=\"lazy\" decoding=\"async\" aria-describedby=\"caption-attachment-333\" class=\"wp-image-333 size-large\" src=\"http:\/\/sulear.com.br\/beta3\/wp-content\/uploads\/2017\/03\/20170316-PlacaMDC-1024x688.jpg\" alt=\"\" width=\"584\" height=\"392\" srcset=\"https:\/\/sulear.com.br\/beta3\/wp-content\/uploads\/2017\/03\/20170316-PlacaMDC-1024x688.jpg 1024w, https:\/\/sulear.com.br\/beta3\/wp-content\/uploads\/2017\/03\/20170316-PlacaMDC-300x202.jpg 300w, https:\/\/sulear.com.br\/beta3\/wp-content\/uploads\/2017\/03\/20170316-PlacaMDC-768x516.jpg 768w, https:\/\/sulear.com.br\/beta3\/wp-content\/uploads\/2017\/03\/20170316-PlacaMDC-446x300.jpg 446w\" sizes=\"auto, (max-width: 584px) 100vw, 584px\" \/><p id=\"caption-attachment-333\" class=\"wp-caption-text\">Na IV EIAC foram homenageados \u201cpela inestim\u00e1vel contribui\u00e7\u00e3o e pioneirismo no campo da Astronomia Cultural\u201d os seguintes pesquisadores: Stephen McCluskey (Prof. Em\u00e9rito da Universidade de West Virg\u00ednia, USA) Stanislaw Iwaniszewski (I. Nacional de Antropologia e Hist\u00f3ria, M\u00e9xico) Marcio D\u2019Olne Campos (UNICAMP e UNIRIO, Brasil) (Ver placa)<\/p><\/div>\n<p>&nbsp;<\/p>\n<p><strong>ALDEBAR\u00c3: Observat\u00f3rio a Olho Nu &#8211; CAMPINAS &#8211; UNICAMP<\/strong><\/p>\n<div id=\"attachment_17\" style=\"width: 310px\" class=\"wp-caption alignnone\"><img loading=\"lazy\" decoding=\"async\" aria-describedby=\"caption-attachment-17\" class=\"wp-image-17 size-medium\" src=\"http:\/\/sulear.com.br\/beta3\/wp-content\/uploads\/2017\/02\/Aldebara2-300x153.jpg\" alt=\"Aldebara2\" width=\"300\" height=\"153\" \/><p id=\"caption-attachment-17\" class=\"wp-caption-text\">Tubo central vasado projeta a luz do sol de meio dia (\u201ca pino\u201d) de 9\/12 4e 3\/1 no centro do Observat\u00f3rio no subterr\u00e2neo. Esse tubo serve de mira sobre o por do Sol ao longo das 4 esta\u00e7\u00f5es (solst\u00edcios e equin\u00f3cios).<\/p><\/div>\n<p>&nbsp;<\/p>\n<p><strong>PRA\u00c7A &#8211; OBSERVAT\u00d3RIO, PERU\u00cdBE, SP<\/strong><\/p>\n<div id=\"attachment_18\" style=\"width: 229px\" class=\"wp-caption alignnone\"><img loading=\"lazy\" decoding=\"async\" aria-describedby=\"caption-attachment-18\" class=\"wp-image-18 size-full\" src=\"http:\/\/sulear.com.br\/beta3\/wp-content\/uploads\/2017\/02\/image011.jpg\" alt=\"image011\" width=\"219\" height=\"166\" \/><p id=\"caption-attachment-18\" class=\"wp-caption-text\">Paredes-Observat\u00f3rio e ao fundo as 3 dire\u00e7\u00f5es paticulares do por do Sol:<br \/>&#8211; nos dois extremos: solst\u00edcios de dezembro e junho<br \/>&#8211; no centro: equin\u00f3cios de mar\u00e7o e setembro<\/p><\/div>\n<p>&nbsp;<\/p>\n<p><strong>PRA\u00c7A &#8211; OBSERVAT\u00d3RIO, PERU\u00cdBE, SP &#8211;\u00a0<\/strong><strong>Esfera Armilar<\/strong><\/p>\n<div id=\"attachment_19\" style=\"width: 261px\" class=\"wp-caption alignnone\"><img loading=\"lazy\" decoding=\"async\" aria-describedby=\"caption-attachment-19\" class=\"wp-image-19 size-full\" src=\"http:\/\/sulear.com.br\/beta3\/wp-content\/uploads\/2017\/02\/image012-1.jpg\" alt=\"image012 (1)\" width=\"251\" height=\"171\" \/><p id=\"caption-attachment-19\" class=\"wp-caption-text\">Esfera Armilar Instrumento astron\u00f4mico antigo,cujos an\u00e9is (armilas) representam os principais c\u00edrculos da esfera celeste: horizonte, meridiano, tr\u00f3picos, equador e o Zod\u00edaco, representado pelo anel largo cujos orif\u00edcios s\u00e3o os centros da casas zodiacais.<\/p><\/div>\n<p><a href=\"#top\">Voltar para o topo<\/a><\/p>\n<p>:: \u201c<strong><a href=\"https:\/\/www.youtube.com\/watch?v=E45bwaFnVvQ\">El Sur tambi\u00e9n existe<\/a><\/strong>\u201d<br \/>\n(Joan Manuel Serrat &#8211; Catalu\u00f1a, ES;\u00a0Mario Benedetti \u2013 Uruguay).<br \/>\nCanta Joan Manuel Serrat<br \/>\n&#8211; \u201c<a href=\"http:\/\/www.poemas-del-alma.com\/mario-benedetti-el-sur-tambien-existe.htm\">El Sur tambi\u00e9n existe<\/a>\u201d &#8211;\u00a0Texto do poema de Mario Benedetti<\/p>\n<p>:: \u201c<strong>Si el Norte fuera el Sur<\/strong>\u201d \u00a0(Ricardo Arjona &#8211; Guatemala)<br \/>\nCanta: Ricardo Arjona<br \/>\n&#8211;\u00a0<a href=\"https:\/\/www.youtube.com\/watch?v=ZElZ2Mp5Gw4\">V\u00eddeo de show ao vivo<\/a><br \/>\n&#8211;\u00a0<a href=\"https:\/\/www.youtube.com\/watch?v=U_aON4yqHyM\">Som com\u00a0v\u00eddeo apresentando a letra<\/a><\/p>\n<p><strong>:: O bailado com o globo no filme \u201cO Grande Ditador\u201d \u00a0 \u00a0 \u00a0 \u00a0 \u00a0 \u00a0 \u00a0 \u00a0 \u00a0 \u00a0 \u00a0 \u00a0 \u00a0 \u00a0 \u00a0 \u00a0 \u00a0 \u00a0 \u00a0 \u00a0 \u00a0 \u00a0 \u00a0 \u00a0 \u00a0 \u00a0 \u00a0 \u00a0 \u00a0\u00a0<\/strong>Em \u201cO Grande Ditador\u201d o diretor\/ator Charles Chaplin<br \/>\nbaila e brinca com um globo infl\u00e1vel lan\u00e7ando-o para<br \/>\ntodos os lados. O bailado \u00e9 lindo. No entanto, o<br \/>\nglobo se comporta como um jo\u00e3o-bobo (#). Colocou-se<br \/>\num peso, justamente, no lugar do Polo Sul para que ao<br \/>\nlongo de toda a cena, o Norte aponte sempre para cima,<br \/>\npreservando a hegemonia do Norte.<br \/>\nPode surpreender o fato de Chaplin, extremamente<br \/>\ncr\u00edtico e de esquerda, ter deixado passar esta forma<br \/>\nNORTEadora e portanto, hegem\u00f4nica de representa\u00e7\u00e3o.<br \/>\nEstaria-se nos anos 40 ainda alheios a essa tomada<br \/>\nde consci\u00eancia?<br \/>\nPensando sobre SULear, voltei ao filme com entusiasmo,<br \/>\nmas&#8230;<\/p>\n<p>(#) Jo\u00e3o-bobo ou jo\u00e3o teimoso\u00a0(portugu\u00eas BR); sempre-em-p\u00e9 (portugu\u00eas<br \/>\neuropeu); tentetieso ou tentempi\u00e9 (espanhol); culbuto<br \/>\n(franc\u00eas); roly-poly toy ou round-bottomed dol (ingl\u00eas).<\/p>\n<p><strong>A Cena do Globo<\/strong><br \/>\n\u201cO grande Ditador\u201d (\u201cThe Great Dictator\u201d, 1940),<br \/>\nCharlie Chaplin, 1940<\/p>\n<p>https:\/\/www.youtube.com\/watch?v=IJOuoyoMhj8<\/p>\n<p>&nbsp;<\/p>\n","protected":false},"excerpt":{"rendered":"<p>Mem\u00f3rias e registros. Percorra! &nbsp; I SIMP\u00d3SIO DE ETNOBIOLOGIA E ECOLOGIA &nbsp; &nbsp; IV ESCUELA INTERAMERICANA DE ASTRONOMIA CULTURAL MAST, Planet\u00e1rio do Rio de Janeiro, SIAC Rio de Janeiro, 12-16\/10\/2015 &nbsp; ALDEBAR\u00c3: Observat\u00f3rio a Olho Nu &#8211; CAMPINAS &#8211; UNICAMP &hellip; <a href=\"https:\/\/sulear.com.br\/beta3\/multimidia\/\">Continue lendo <span class=\"meta-nav\">&rarr;<\/span><\/a><\/p>\n","protected":false},"author":1,"featured_media":0,"parent":0,"menu_order":0,"comment_status":"closed","ping_status":"closed","template":"","meta":{"footnotes":""},"class_list":["post-251","page","type-page","status-publish","hentry"],"yoast_head":"<!-- This site is optimized with the Yoast SEO plugin v24.8.1 - https:\/\/yoast.com\/wordpress\/plugins\/seo\/ -->\n<title>Multim\u00eddia - Sulear<\/title>\n<meta name=\"robots\" content=\"index, follow, max-snippet:-1, max-image-preview:large, max-video-preview:-1\" \/>\n<link rel=\"canonical\" href=\"https:\/\/sulear.com.br\/beta3\/multimidia\/\" \/>\n<meta property=\"og:locale\" content=\"pt_BR\" \/>\n<meta property=\"og:type\" content=\"article\" \/>\n<meta property=\"og:title\" content=\"Multim\u00eddia - Sulear\" \/>\n<meta property=\"og:description\" content=\"Mem\u00f3rias e registros. Percorra! &nbsp; I SIMP\u00d3SIO DE ETNOBIOLOGIA E ECOLOGIA &nbsp; &nbsp; IV ESCUELA INTERAMERICANA DE ASTRONOMIA CULTURAL MAST, Planet\u00e1rio do Rio de Janeiro, SIAC Rio de Janeiro, 12-16\/10\/2015 &nbsp; ALDEBAR\u00c3: Observat\u00f3rio a Olho Nu &#8211; CAMPINAS &#8211; UNICAMP &hellip; Continue lendo &rarr;\" \/>\n<meta property=\"og:url\" content=\"https:\/\/sulear.com.br\/beta3\/multimidia\/\" \/>\n<meta property=\"og:site_name\" content=\"Sulear\" \/>\n<meta property=\"article:modified_time\" content=\"2024-01-25T16:45:22+00:00\" \/>\n<meta property=\"og:image\" content=\"http:\/\/sulear.com.br\/beta3\/wp-content\/uploads\/2017\/02\/20170227-I-S-Etnob-e-Etnoeco-1996l.png\" \/>\n<meta name=\"twitter:card\" content=\"summary_large_image\" \/>\n<meta name=\"twitter:label1\" content=\"Est. tempo de leitura\" \/>\n\t<meta name=\"twitter:data1\" content=\"3 minutos\" \/>\n<script type=\"application\/ld+json\" class=\"yoast-schema-graph\">{\"@context\":\"https:\/\/schema.org\",\"@graph\":[{\"@type\":\"WebPage\",\"@id\":\"https:\/\/sulear.com.br\/beta3\/multimidia\/\",\"url\":\"https:\/\/sulear.com.br\/beta3\/multimidia\/\",\"name\":\"Multim\u00eddia - Sulear\",\"isPartOf\":{\"@id\":\"https:\/\/sulear.com.br\/beta3\/#website\"},\"primaryImageOfPage\":{\"@id\":\"https:\/\/sulear.com.br\/beta3\/multimidia\/#primaryimage\"},\"image\":{\"@id\":\"https:\/\/sulear.com.br\/beta3\/multimidia\/#primaryimage\"},\"thumbnailUrl\":\"http:\/\/sulear.com.br\/beta3\/wp-content\/uploads\/2017\/02\/20170227-I-S-Etnob-e-Etnoeco-1996l.png\",\"datePublished\":\"2017-02-22T13:32:35+00:00\",\"dateModified\":\"2024-01-25T16:45:22+00:00\",\"breadcrumb\":{\"@id\":\"https:\/\/sulear.com.br\/beta3\/multimidia\/#breadcrumb\"},\"inLanguage\":\"pt-BR\",\"potentialAction\":[{\"@type\":\"ReadAction\",\"target\":[\"https:\/\/sulear.com.br\/beta3\/multimidia\/\"]}]},{\"@type\":\"ImageObject\",\"inLanguage\":\"pt-BR\",\"@id\":\"https:\/\/sulear.com.br\/beta3\/multimidia\/#primaryimage\",\"url\":\"https:\/\/sulear.com.br\/beta3\/wp-content\/uploads\/2017\/02\/20170227-I-S-Etnob-e-Etnoeco-1996l.png\",\"contentUrl\":\"https:\/\/sulear.com.br\/beta3\/wp-content\/uploads\/2017\/02\/20170227-I-S-Etnob-e-Etnoeco-1996l.png\",\"width\":744,\"height\":455,\"caption\":\"I Simp\u00f3sio de Etnobiologia e Ecologia (UEFS, Feira de Santana, Bahia, BR \u2013 1996) Na foto: Angelo Giuseppe Chaves Alves, (?), Elaine Elisabetsky, Darrell A. Posey, Marcio D\u2019Olne Campos. Natalia Hanazaki de azul no alto \u00e0 esquerda. Neste Simp\u00f3sio foi fundada a \\\"Sociedade Brasileira de Etnobiologia e Etnoecologia (SBEE)\\\" www.etnobiologia.org \u201cEthnoscientia: Revista Brasileira de Etnobiologia e Etnoecologia\u201d \\\" www.ethnoscientia.com A foto foi um presente de Angelo G. C. A. a quem muito agrade\u00e7o.\"},{\"@type\":\"BreadcrumbList\",\"@id\":\"https:\/\/sulear.com.br\/beta3\/multimidia\/#breadcrumb\",\"itemListElement\":[{\"@type\":\"ListItem\",\"position\":1,\"name\":\"In\u00edcio\",\"item\":\"https:\/\/sulear.com.br\/beta3\/\"},{\"@type\":\"ListItem\",\"position\":2,\"name\":\"Multim\u00eddia\"}]},{\"@type\":\"WebSite\",\"@id\":\"https:\/\/sulear.com.br\/beta3\/#website\",\"url\":\"https:\/\/sulear.com.br\/beta3\/\",\"name\":\"Sulear\",\"description\":\"Blog\",\"publisher\":{\"@id\":\"https:\/\/sulear.com.br\/beta3\/#organization\"},\"potentialAction\":[{\"@type\":\"SearchAction\",\"target\":{\"@type\":\"EntryPoint\",\"urlTemplate\":\"https:\/\/sulear.com.br\/beta3\/?s={search_term_string}\"},\"query-input\":{\"@type\":\"PropertyValueSpecification\",\"valueRequired\":true,\"valueName\":\"search_term_string\"}}],\"inLanguage\":\"pt-BR\"},{\"@type\":\"Organization\",\"@id\":\"https:\/\/sulear.com.br\/beta3\/#organization\",\"name\":\"Sulear\",\"url\":\"https:\/\/sulear.com.br\/beta3\/\",\"logo\":{\"@type\":\"ImageObject\",\"inLanguage\":\"pt-BR\",\"@id\":\"https:\/\/sulear.com.br\/beta3\/#\/schema\/logo\/image\/\",\"url\":\"https:\/\/sulear.com.br\/beta3\/wp-content\/uploads\/2024\/01\/sulear_logo.png\",\"contentUrl\":\"https:\/\/sulear.com.br\/beta3\/wp-content\/uploads\/2024\/01\/sulear_logo.png\",\"width\":364,\"height\":364,\"caption\":\"Sulear\"},\"image\":{\"@id\":\"https:\/\/sulear.com.br\/beta3\/#\/schema\/logo\/image\/\"}}]}<\/script>\n<!-- \/ Yoast SEO plugin. -->","yoast_head_json":{"title":"Multim\u00eddia - Sulear","robots":{"index":"index","follow":"follow","max-snippet":"max-snippet:-1","max-image-preview":"max-image-preview:large","max-video-preview":"max-video-preview:-1"},"canonical":"https:\/\/sulear.com.br\/beta3\/multimidia\/","og_locale":"pt_BR","og_type":"article","og_title":"Multim\u00eddia - Sulear","og_description":"Mem\u00f3rias e registros. Percorra! &nbsp; I SIMP\u00d3SIO DE ETNOBIOLOGIA E ECOLOGIA &nbsp; &nbsp; IV ESCUELA INTERAMERICANA DE ASTRONOMIA CULTURAL MAST, Planet\u00e1rio do Rio de Janeiro, SIAC Rio de Janeiro, 12-16\/10\/2015 &nbsp; ALDEBAR\u00c3: Observat\u00f3rio a Olho Nu &#8211; CAMPINAS &#8211; UNICAMP &hellip; Continue lendo &rarr;","og_url":"https:\/\/sulear.com.br\/beta3\/multimidia\/","og_site_name":"Sulear","article_modified_time":"2024-01-25T16:45:22+00:00","og_image":[{"url":"http:\/\/sulear.com.br\/beta3\/wp-content\/uploads\/2017\/02\/20170227-I-S-Etnob-e-Etnoeco-1996l.png","type":"","width":"","height":""}],"twitter_card":"summary_large_image","twitter_misc":{"Est. tempo de leitura":"3 minutos"},"schema":{"@context":"https:\/\/schema.org","@graph":[{"@type":"WebPage","@id":"https:\/\/sulear.com.br\/beta3\/multimidia\/","url":"https:\/\/sulear.com.br\/beta3\/multimidia\/","name":"Multim\u00eddia - Sulear","isPartOf":{"@id":"https:\/\/sulear.com.br\/beta3\/#website"},"primaryImageOfPage":{"@id":"https:\/\/sulear.com.br\/beta3\/multimidia\/#primaryimage"},"image":{"@id":"https:\/\/sulear.com.br\/beta3\/multimidia\/#primaryimage"},"thumbnailUrl":"http:\/\/sulear.com.br\/beta3\/wp-content\/uploads\/2017\/02\/20170227-I-S-Etnob-e-Etnoeco-1996l.png","datePublished":"2017-02-22T13:32:35+00:00","dateModified":"2024-01-25T16:45:22+00:00","breadcrumb":{"@id":"https:\/\/sulear.com.br\/beta3\/multimidia\/#breadcrumb"},"inLanguage":"pt-BR","potentialAction":[{"@type":"ReadAction","target":["https:\/\/sulear.com.br\/beta3\/multimidia\/"]}]},{"@type":"ImageObject","inLanguage":"pt-BR","@id":"https:\/\/sulear.com.br\/beta3\/multimidia\/#primaryimage","url":"https:\/\/sulear.com.br\/beta3\/wp-content\/uploads\/2017\/02\/20170227-I-S-Etnob-e-Etnoeco-1996l.png","contentUrl":"https:\/\/sulear.com.br\/beta3\/wp-content\/uploads\/2017\/02\/20170227-I-S-Etnob-e-Etnoeco-1996l.png","width":744,"height":455,"caption":"I Simp\u00f3sio de Etnobiologia e Ecologia (UEFS, Feira de Santana, Bahia, BR \u2013 1996) Na foto: Angelo Giuseppe Chaves Alves, (?), Elaine Elisabetsky, Darrell A. Posey, Marcio D\u2019Olne Campos. Natalia Hanazaki de azul no alto \u00e0 esquerda. Neste Simp\u00f3sio foi fundada a \"Sociedade Brasileira de Etnobiologia e Etnoecologia (SBEE)\" www.etnobiologia.org \u201cEthnoscientia: Revista Brasileira de Etnobiologia e Etnoecologia\u201d \" www.ethnoscientia.com A foto foi um presente de Angelo G. C. A. a quem muito agrade\u00e7o."},{"@type":"BreadcrumbList","@id":"https:\/\/sulear.com.br\/beta3\/multimidia\/#breadcrumb","itemListElement":[{"@type":"ListItem","position":1,"name":"In\u00edcio","item":"https:\/\/sulear.com.br\/beta3\/"},{"@type":"ListItem","position":2,"name":"Multim\u00eddia"}]},{"@type":"WebSite","@id":"https:\/\/sulear.com.br\/beta3\/#website","url":"https:\/\/sulear.com.br\/beta3\/","name":"Sulear","description":"Blog","publisher":{"@id":"https:\/\/sulear.com.br\/beta3\/#organization"},"potentialAction":[{"@type":"SearchAction","target":{"@type":"EntryPoint","urlTemplate":"https:\/\/sulear.com.br\/beta3\/?s={search_term_string}"},"query-input":{"@type":"PropertyValueSpecification","valueRequired":true,"valueName":"search_term_string"}}],"inLanguage":"pt-BR"},{"@type":"Organization","@id":"https:\/\/sulear.com.br\/beta3\/#organization","name":"Sulear","url":"https:\/\/sulear.com.br\/beta3\/","logo":{"@type":"ImageObject","inLanguage":"pt-BR","@id":"https:\/\/sulear.com.br\/beta3\/#\/schema\/logo\/image\/","url":"https:\/\/sulear.com.br\/beta3\/wp-content\/uploads\/2024\/01\/sulear_logo.png","contentUrl":"https:\/\/sulear.com.br\/beta3\/wp-content\/uploads\/2024\/01\/sulear_logo.png","width":364,"height":364,"caption":"Sulear"},"image":{"@id":"https:\/\/sulear.com.br\/beta3\/#\/schema\/logo\/image\/"}}]}},"_links":{"self":[{"href":"https:\/\/sulear.com.br\/beta3\/wp-json\/wp\/v2\/pages\/251","targetHints":{"allow":["GET"]}}],"collection":[{"href":"https:\/\/sulear.com.br\/beta3\/wp-json\/wp\/v2\/pages"}],"about":[{"href":"https:\/\/sulear.com.br\/beta3\/wp-json\/wp\/v2\/types\/page"}],"author":[{"embeddable":true,"href":"https:\/\/sulear.com.br\/beta3\/wp-json\/wp\/v2\/users\/1"}],"replies":[{"embeddable":true,"href":"https:\/\/sulear.com.br\/beta3\/wp-json\/wp\/v2\/comments?post=251"}],"version-history":[{"count":22,"href":"https:\/\/sulear.com.br\/beta3\/wp-json\/wp\/v2\/pages\/251\/revisions"}],"predecessor-version":[{"id":680,"href":"https:\/\/sulear.com.br\/beta3\/wp-json\/wp\/v2\/pages\/251\/revisions\/680"}],"wp:attachment":[{"href":"https:\/\/sulear.com.br\/beta3\/wp-json\/wp\/v2\/media?parent=251"}],"curies":[{"name":"wp","href":"https:\/\/api.w.org\/{rel}","templated":true}]}}